{"id":915,"date":"2024-08-29T08:00:24","date_gmt":"2024-08-29T06:00:24","guid":{"rendered":"https:\/\/www.ordesamonteperdido.com\/pt\/?page_id=915"},"modified":"2024-08-30T14:53:45","modified_gmt":"2024-08-30T12:53:45","slug":"regulamentos","status":"publish","type":"page","link":"https:\/\/www.ordesamonteperdido.com\/pt\/regulamentos\/","title":{"rendered":"Regulamentos do Parque Nacional de Ordesa y Monte Perdido"},"content":{"rendered":"<p><strong>O Parque Nacional de Ordesa y Monte Perdido<\/strong> \u00e9 um dos espa\u00e7os naturais mais importantes da Espanha. Para garantir sua conserva\u00e7\u00e3o e preserva\u00e7\u00e3o, \u00e9 necess\u00e1rio que todos os visitantes respeitem as regulamenta\u00e7\u00f5es estabelecidas:<\/p>\n<h2>Regulamenta\u00e7\u00e3o de Visitas ao Parque Nacional<\/h2>\n<p>Dentro do Parque Nacional, aplicam-se as seguintes regulamenta\u00e7\u00f5es, indicando que as seguintes atividades n\u00e3o s\u00e3o permitidas:<\/p>\n<ul>\n<li>Fazer fogueiras.<\/li>\n<li>Acampamento selvagem:\n<ul>\n<li>Apenas bivouac \u00e9 permitido acima das seguintes altitudes:\n<ul>\n<li>2.500 metros no setor de Ordesa.<\/li>\n<li>2.550 metros no setor de Pineta (acima do Balc\u00f3n de Pineta).<\/li>\n<li>1.800 metros no setor de Escua\u00edn (La Ralla).<\/li>\n<li>1.650 metros no setor de A\u00f1isclo (Fuenblanca).<\/li>\n<li>Perman\u00eancias noturnas no mesmo setor n\u00e3o devem exceder tr\u00eas noites, e barracas e outros equipamentos s\u00f3 podem permanecer instalados de 1 hora antes do p\u00f4r do sol at\u00e9 1 hora ap\u00f3s o nascer do sol.<\/li>\n<\/ul>\n<\/li>\n<\/ul>\n<\/li>\n<li>Perturbar a tranquilidade da natureza.<\/li>\n<li>Ca\u00e7a e pesca.<\/li>\n<li>Deixar qualquer tipo de res\u00edduo ou lixo.<\/li>\n<li>Permitir que c\u00e3es vagueiem livremente.<\/li>\n<li>Coletar animais, plantas, minerais ou rochas.<\/li>\n<li>Tr\u00e1fego de ve\u00edculos durante hor\u00e1rios e per\u00edodos anuais espec\u00edficos.<\/li>\n<li>Uso de bicicletas em caminhos e trilhas restritas.<\/li>\n<li>Banho em rios e lagos de montanha (lagos glaciares).<\/li>\n<li>Canyoning.<\/li>\n<li>Arar o solo e o leito rochoso.<\/li>\n<li>Realizar atividades de pesquisa, explora\u00e7\u00e3o ou minera\u00e7\u00e3o.<\/li>\n<li>Desviar, reter ou extrair \u00e1guas superficiais ou subterr\u00e2neas.<\/li>\n<li>Introduzir detergentes, sab\u00f5es, \u00e1gua sanit\u00e1ria ou outras subst\u00e2ncias ou materiais nas \u00e1guas.<\/li>\n<li>Cortar, arrancar, mutilar, destruir ou danificar a vegeta\u00e7\u00e3o, bem como colher ou coletar partes de plantas, prop\u00e1gulos ou restos.<\/li>\n<li>Atrair, perseguir, perturbar, ferir, capturar ou matar animais, bem como colher ou coletar prop\u00e1gulos, restos ou res\u00edduos de animais.<\/li>\n<li>Soltar, plantar, transplantar ou de outra forma propagar esp\u00e9cies animais ou vegetais, sejam elas dom\u00e9sticas ou selvagens.<\/li>\n<li>Usar fogo para qualquer prop\u00f3sito, exceto para dispositivos de g\u00e1s de camping para cozinhar e iluminar durante pernoites.<\/li>\n<li>Abandonar, depositar ou descartar pap\u00e9is, latas, garrafas, pl\u00e1sticos, pontas de cigarro ou qualquer tipo de res\u00edduo fora das \u00e1reas designadas.<\/li>\n<li>Ocupar terras dentro do Parque Nacional de Ordesa y Monte Perdido para estacionar ve\u00edculos, caravanas, trailers, exceto em \u00e1reas de estacionamento especificamente autorizadas, e instalar abrigos, guarda-s\u00f3is, redes, assentos, cadeiras, mesas e quaisquer outras estruturas m\u00f3veis por todo o parque.<\/li>\n<li>Realizar atividades esportivas n\u00e3o autorizadas conforme estipulado no Plano Diretor de Uso e Gest\u00e3o ou realizar atividades esportivas autorizadas sem a devida autoriza\u00e7\u00e3o, bem como organizar competi\u00e7\u00f5es esportivas.<\/li>\n<li>Instalar antenas, telas, artefatos salientes ou qualquer outro elemento que afete a harmonia da paisagem.<\/li>\n<li>Jogar ou precipitar pedras ou outros objetos, bem como usar objetos que permanecem no ar (bal\u00f5es, pipas, parapentes, asa-deltas, aeromodelos, h\u00e9lices voadoras, etc.).<\/li>\n<li>Voar qualquer tipo de aeronave a uma altitude inferior a 1000 metros acima do terreno.<\/li>\n<li>Danificar ou destruir a infraestrutura do parque.<\/li>\n<li>Fazer inscri\u00e7\u00f5es, sinais, s\u00edmbolos ou desenhos no solo, rochas, \u00e1rvores ou qualquer bem m\u00f3vel ou im\u00f3vel dentro do parque.<\/li>\n<li>Usar megafones, buzinas ou apitos, e usar r\u00e1dios ou dispositivos de reprodu\u00e7\u00e3o de som em um volume que cause inc\u00f4modo.<\/li>\n<li>Instalar placas de publicidade ou realizar qualquer forma de publicidade.<\/li>\n<li>Engajar-se em qualquer explora\u00e7\u00e3o dos recursos naturais do parque, particularmente pesca e ca\u00e7a.<\/li>\n<li>Transportar, fora de ve\u00edculos, qualquer ou todos os seguintes: armas de qualquer tipo, dispositivos ou meios usados para atrair, perseguir, assustar, ferir, matar ou capturar animais.<\/li>\n<\/ul>\n<p>\u00c9 importante lembrar que essas regulamenta\u00e7\u00f5es s\u00e3o <strong>destinadas a proteger o <a href=\"https:\/\/www.ordesamonteperdido.com\/pt\/parque-nacional\/\">Parque Nacional de Ordesa y Monte Perdido<\/a><\/strong>, e portanto, o cumprimento dessas regras \u00e9 responsabilidade de todos os visitantes. Aproveite a natureza de forma respons\u00e1vel!<\/p>\n<p>Voc\u00ea pode ler o <a href=\"https:\/\/www.miteco.gob.es\/es\/red-parques-nacionales\/nuestros-parques\/ordesa\/prug-ordesa_tcm30-65577.pdf\" target=\"_blank\" rel=\"nofollow noopener\">Boletim Oficial de Arag\u00e3o<\/a> contendo o Plano Diretor de Uso e Gest\u00e3o do Parque.<\/p>\n","protected":false},"excerpt":{"rendered":"<p>O Parque Nacional de Ordesa y Monte Perdido \u00e9 um dos espa\u00e7os naturais mais importantes da Espanha. Para garantir sua conserva\u00e7\u00e3o e preserva\u00e7\u00e3o, \u00e9 necess\u00e1rio que todos os visitantes respeitem as regulamenta\u00e7\u00f5es estabelecidas: Regulamenta\u00e7\u00e3o&#46;&#46;&#46;<\/p>\n","protected":false},"author":2,"featured_media":0,"parent":0,"menu_order":0,"comment_status":"closed","ping_status":"closed","template":"","meta":{"footnotes":""},"yoast_head":"<!-- This site is optimized with the Yoast SEO plugin v20.1 - https:\/\/yoast.com\/wordpress\/plugins\/seo\/ -->\n<title>Regulamentos do Parque Nacional de Ordesa y Monte Perdido<\/title>\n<meta name=\"description\" content=\"O Parque Nacional de Ordesa y Monte Perdido \u00e9 um dos espa\u00e7os naturais mais importantes da Espanha. Para garantir sua conserva\u00e7\u00e3o e preserva\u00e7\u00e3o, \u00e9\" \/>\n<meta name=\"robots\" content=\"index, follow, max-snippet:-1, max-image-preview:large, max-video-preview:-1\" \/>\n<link rel=\"canonical\" href=\"https:\/\/www.ordesamonteperdido.com\/pt\/regulamentos\/\" \/>\n<meta property=\"og:locale\" content=\"pt_PT\" \/>\n<meta property=\"og:type\" content=\"article\" \/>\n<meta property=\"og:title\" content=\"Regulamentos do Parque Nacional de Ordesa y Monte Perdido\" \/>\n<meta property=\"og:description\" content=\"O Parque Nacional de Ordesa y Monte Perdido \u00e9 um dos espa\u00e7os naturais mais importantes da Espanha. Para garantir sua conserva\u00e7\u00e3o e preserva\u00e7\u00e3o, \u00e9\" \/>\n<meta property=\"og:url\" content=\"https:\/\/www.ordesamonteperdido.com\/pt\/regulamentos\/\" \/>\n<meta property=\"og:site_name\" content=\"Ordesa y Monte Perdido\" \/>\n<meta property=\"article:modified_time\" content=\"2024-08-30T12:53:45+00:00\" \/>\n<meta name=\"twitter:card\" content=\"summary_large_image\" \/>\n<meta name=\"twitter:label1\" content=\"Tiempo de lectura\" \/>\n\t<meta name=\"twitter:data1\" content=\"3 minutos\" \/>\n<script type=\"application\/ld+json\" class=\"yoast-schema-graph\">{\"@context\":\"https:\/\/schema.org\",\"@graph\":[{\"@type\":\"WebPage\",\"@id\":\"https:\/\/www.ordesamonteperdido.com\/pt\/regulamentos\/\",\"url\":\"https:\/\/www.ordesamonteperdido.com\/pt\/regulamentos\/\",\"name\":\"Regulamentos do Parque Nacional de Ordesa y Monte Perdido\",\"isPartOf\":{\"@id\":\"https:\/\/www.ordesamonteperdido.com\/pt\/#website\"},\"datePublished\":\"2024-08-29T06:00:24+00:00\",\"dateModified\":\"2024-08-30T12:53:45+00:00\",\"description\":\"O Parque Nacional de Ordesa y Monte Perdido \u00e9 um dos espa\u00e7os naturais mais importantes da Espanha. Para garantir sua conserva\u00e7\u00e3o e preserva\u00e7\u00e3o, \u00e9\",\"breadcrumb\":{\"@id\":\"https:\/\/www.ordesamonteperdido.com\/pt\/regulamentos\/#breadcrumb\"},\"inLanguage\":\"pt\",\"potentialAction\":[{\"@type\":\"ReadAction\",\"target\":[\"https:\/\/www.ordesamonteperdido.com\/pt\/regulamentos\/\"]}]},{\"@type\":\"BreadcrumbList\",\"@id\":\"https:\/\/www.ordesamonteperdido.com\/pt\/regulamentos\/#breadcrumb\",\"itemListElement\":[{\"@type\":\"ListItem\",\"position\":1,\"name\":\"In\u00edcio\",\"item\":\"https:\/\/www.ordesamonteperdido.com\/pt\/\"},{\"@type\":\"ListItem\",\"position\":2,\"name\":\"Regulamentos do Parque Nacional de Ordesa y Monte Perdido\"}]},{\"@type\":\"WebSite\",\"@id\":\"https:\/\/www.ordesamonteperdido.com\/pt\/#website\",\"url\":\"https:\/\/www.ordesamonteperdido.com\/pt\/\",\"name\":\"Ordesa y Monte Perdido\",\"description\":\"Parque Nacional de Ordesa y Monte Perdido: turismo, alojamento, trilhas e guias\",\"publisher\":{\"@id\":\"https:\/\/www.ordesamonteperdido.com\/pt\/#organization\"},\"potentialAction\":[{\"@type\":\"SearchAction\",\"target\":{\"@type\":\"EntryPoint\",\"urlTemplate\":\"https:\/\/www.ordesamonteperdido.com\/pt\/?s={search_term_string}\"},\"query-input\":\"required name=search_term_string\"}],\"inLanguage\":\"pt\"},{\"@type\":\"Organization\",\"@id\":\"https:\/\/www.ordesamonteperdido.com\/pt\/#organization\",\"name\":\"Ordesa y Monte Perdido\",\"url\":\"https:\/\/www.ordesamonteperdido.com\/pt\/\",\"logo\":{\"@type\":\"ImageObject\",\"inLanguage\":\"pt\",\"@id\":\"https:\/\/www.ordesamonteperdido.com\/pt\/#\/schema\/logo\/image\/\",\"url\":\"https:\/\/www.ordesamonteperdido.com\/pt\/wp-content\/uploads\/ordesa-and-monteperdido-logo.png\",\"contentUrl\":\"https:\/\/www.ordesamonteperdido.com\/pt\/wp-content\/uploads\/ordesa-and-monteperdido-logo.png\",\"width\":567,\"height\":69,\"caption\":\"Ordesa y Monte Perdido\"},\"image\":{\"@id\":\"https:\/\/www.ordesamonteperdido.com\/pt\/#\/schema\/logo\/image\/\"}}]}<\/script>\n<!-- \/ Yoast SEO plugin. -->","yoast_head_json":{"title":"Regulamentos do Parque Nacional de Ordesa y Monte Perdido","description":"O Parque Nacional de Ordesa y Monte Perdido \u00e9 um dos espa\u00e7os naturais mais importantes da Espanha. Para garantir sua conserva\u00e7\u00e3o e preserva\u00e7\u00e3o, \u00e9","robots":{"index":"index","follow":"follow","max-snippet":"max-snippet:-1","max-image-preview":"max-image-preview:large","max-video-preview":"max-video-preview:-1"},"canonical":"https:\/\/www.ordesamonteperdido.com\/pt\/regulamentos\/","og_locale":"pt_PT","og_type":"article","og_title":"Regulamentos do Parque Nacional de Ordesa y Monte Perdido","og_description":"O Parque Nacional de Ordesa y Monte Perdido \u00e9 um dos espa\u00e7os naturais mais importantes da Espanha. Para garantir sua conserva\u00e7\u00e3o e preserva\u00e7\u00e3o, \u00e9","og_url":"https:\/\/www.ordesamonteperdido.com\/pt\/regulamentos\/","og_site_name":"Ordesa y Monte Perdido","article_modified_time":"2024-08-30T12:53:45+00:00","twitter_card":"summary_large_image","twitter_misc":{"Tiempo de lectura":"3 minutos"},"schema":{"@context":"https:\/\/schema.org","@graph":[{"@type":"WebPage","@id":"https:\/\/www.ordesamonteperdido.com\/pt\/regulamentos\/","url":"https:\/\/www.ordesamonteperdido.com\/pt\/regulamentos\/","name":"Regulamentos do Parque Nacional de Ordesa y Monte Perdido","isPartOf":{"@id":"https:\/\/www.ordesamonteperdido.com\/pt\/#website"},"datePublished":"2024-08-29T06:00:24+00:00","dateModified":"2024-08-30T12:53:45+00:00","description":"O Parque Nacional de Ordesa y Monte Perdido \u00e9 um dos espa\u00e7os naturais mais importantes da Espanha. Para garantir sua conserva\u00e7\u00e3o e preserva\u00e7\u00e3o, \u00e9","breadcrumb":{"@id":"https:\/\/www.ordesamonteperdido.com\/pt\/regulamentos\/#breadcrumb"},"inLanguage":"pt","potentialAction":[{"@type":"ReadAction","target":["https:\/\/www.ordesamonteperdido.com\/pt\/regulamentos\/"]}]},{"@type":"BreadcrumbList","@id":"https:\/\/www.ordesamonteperdido.com\/pt\/regulamentos\/#breadcrumb","itemListElement":[{"@type":"ListItem","position":1,"name":"In\u00edcio","item":"https:\/\/www.ordesamonteperdido.com\/pt\/"},{"@type":"ListItem","position":2,"name":"Regulamentos do Parque Nacional de Ordesa y Monte Perdido"}]},{"@type":"WebSite","@id":"https:\/\/www.ordesamonteperdido.com\/pt\/#website","url":"https:\/\/www.ordesamonteperdido.com\/pt\/","name":"Ordesa y Monte Perdido","description":"Parque Nacional de Ordesa y Monte Perdido: turismo, alojamento, trilhas e guias","publisher":{"@id":"https:\/\/www.ordesamonteperdido.com\/pt\/#organization"},"potentialAction":[{"@type":"SearchAction","target":{"@type":"EntryPoint","urlTemplate":"https:\/\/www.ordesamonteperdido.com\/pt\/?s={search_term_string}"},"query-input":"required name=search_term_string"}],"inLanguage":"pt"},{"@type":"Organization","@id":"https:\/\/www.ordesamonteperdido.com\/pt\/#organization","name":"Ordesa y Monte Perdido","url":"https:\/\/www.ordesamonteperdido.com\/pt\/","logo":{"@type":"ImageObject","inLanguage":"pt","@id":"https:\/\/www.ordesamonteperdido.com\/pt\/#\/schema\/logo\/image\/","url":"https:\/\/www.ordesamonteperdido.com\/pt\/wp-content\/uploads\/ordesa-and-monteperdido-logo.png","contentUrl":"https:\/\/www.ordesamonteperdido.com\/pt\/wp-content\/uploads\/ordesa-and-monteperdido-logo.png","width":567,"height":69,"caption":"Ordesa y Monte Perdido"},"image":{"@id":"https:\/\/www.ordesamonteperdido.com\/pt\/#\/schema\/logo\/image\/"}}]}},"_links":{"self":[{"href":"https:\/\/www.ordesamonteperdido.com\/pt\/wp-json\/wp\/v2\/pages\/915"}],"collection":[{"href":"https:\/\/www.ordesamonteperdido.com\/pt\/wp-json\/wp\/v2\/pages"}],"about":[{"href":"https:\/\/www.ordesamonteperdido.com\/pt\/wp-json\/wp\/v2\/types\/page"}],"author":[{"embeddable":true,"href":"https:\/\/www.ordesamonteperdido.com\/pt\/wp-json\/wp\/v2\/users\/2"}],"replies":[{"embeddable":true,"href":"https:\/\/www.ordesamonteperdido.com\/pt\/wp-json\/wp\/v2\/comments?post=915"}],"version-history":[{"count":0,"href":"https:\/\/www.ordesamonteperdido.com\/pt\/wp-json\/wp\/v2\/pages\/915\/revisions"}],"wp:attachment":[{"href":"https:\/\/www.ordesamonteperdido.com\/pt\/wp-json\/wp\/v2\/media?parent=915"}],"curies":[{"name":"wp","href":"https:\/\/api.w.org\/{rel}","templated":true}]}}