{"id":952,"date":"2024-08-29T08:00:40","date_gmt":"2024-08-29T06:00:40","guid":{"rendered":"https:\/\/www.ordesamonteperdido.com\/pt\/?page_id=952"},"modified":"2024-08-30T14:26:01","modified_gmt":"2024-08-30T12:26:01","slug":"vales","status":"publish","type":"page","link":"https:\/\/www.ordesamonteperdido.com\/pt\/vales\/","title":{"rendered":"Vales do Parque Natural de Ordesa y Monte Perdido"},"content":{"rendered":"<div id=\"toc_container\" class=\"toc_white no_bullets\"><p class=\"toc_title\">Conte&uacute;do<\/p><ul class=\"toc_list\"><li><a href=\"#vales-do-parque-nacional-de-ordesa-y-monte-perdido\"><span class=\"toc_number toc_depth_1\">1<\/span> Vales do Parque Nacional de Ordesa y Monte Perdido<\/a><ul><li><a href=\"#vale-de-ordesa\"><span class=\"toc_number toc_depth_2\">1.1<\/span> Vale de Ordesa<\/a><\/li><li><a href=\"#canion-de-anisclo\"><span class=\"toc_number toc_depth_2\">1.2<\/span> C\u00e2nion de A\u00f1isclo<\/a><\/li><li><a href=\"#vale-de-pineta\"><span class=\"toc_number toc_depth_2\">1.3<\/span> Vale de Pineta<\/a><\/li><li><a href=\"#gargantas-de-escuain-desfiladeiros-de-escuain\"><span class=\"toc_number toc_depth_2\">1.4<\/span> Gargantas de Escua\u00edn (Desfiladeiros de Escua\u00edn)<\/a><\/li><\/ul><\/li><li><a href=\"#outros-pontos-de-interesse-turistico-no-parque-de-ordesa-y-monte-perdido\"><span class=\"toc_number toc_depth_1\">2<\/span> Outros pontos de interesse tur\u00edstico no Parque de Ordesa y Monte Perdido<\/a><ul><li><a href=\"#faja-de-las-flores\"><span class=\"toc_number toc_depth_2\">2.1<\/span> Faja de las Flores<\/a><\/li><li><a href=\"#macico-de-tres-sorores-macizo-de-tres-sorores\"><span class=\"toc_number toc_depth_2\">2.2<\/span> Maci\u00e7o de Tres Sorores (Macizo de Tres Sorores)<\/a><\/li><li><a href=\"#monte-perdido\"><span class=\"toc_number toc_depth_2\">2.3<\/span> Monte Perdido<\/a><\/li><li><a href=\"#vale-de-bujaruelo\"><span class=\"toc_number toc_depth_2\">2.4<\/span> Vale de Bujaruelo<\/a><\/li><\/ul><\/li><\/ul><\/div>\n\n<p>O Parque Nacional de Ordesa y Monte Perdido foi reconhecido como um <strong>Patrim\u00f4nio Mundial pela UNESCO<\/strong> (<a href=\"https:\/\/whc.unesco.org\/es\/list\/773\" target=\"_blank\" rel=\"nofollow noopener\">ver refer\u00eancia<\/a>) O parque abrange quatro vales (<a href=\"https:\/\/www.ordesamonteperdido.com\/valle-de-ordesa\/\"><strong>Ordesa<\/strong><\/a>, <a href=\"https:\/\/www.ordesamonteperdido.com\/canon-de-anisclo\/\"><strong>A\u00f1isclo<\/strong><\/a>, <a href=\"https:\/\/www.ordesamonteperdido.com\/gargantas-de-escuain\/\"><strong>Escua\u00edn<\/strong> <\/a>e <a href=\"https:\/\/www.ordesamonteperdido.com\/valle-pineta\/\"><strong>Pineta<\/strong><\/a>) que se estendem ao redor do <a href=\"https:\/\/www.ordesamonteperdido.com\/monte-perdido\/\">Monte Perdido<\/a>, a montanha de rocha calc\u00e1ria mais alta da Europa.<\/p>\n<p>A \u00e1rea \u00e9 considerada o verdadeiro cora\u00e7\u00e3o dos Pirineus e \u00e9 um dos primeiros parques naturais protegidos da Europa.<\/p>\n<h2><span id=\"vales-do-parque-nacional-de-ordesa-y-monte-perdido\">Vales do Parque Nacional de Ordesa y Monte Perdido<\/span><\/h2>\n<p><div class=\"display-posts-listing image-top\"><div class=\"listing-item\"><a class=\"image\" href=\"https:\/\/www.ordesamonteperdido.com\/pt\/vale-de-ordesa\/\"><img decoding=\"async\" width=\"1024\" height=\"530\" src=\"https:\/\/www.ordesamonteperdido.com\/pt\/wp-content\/uploads\/vale-de-ordesa-1024x530.jpg\" class=\"attachment-large size-large wp-post-image\" alt=\"Vale de Ordesa (Valle de Ordesa), Huesca, Espanha\" srcset=\"https:\/\/www.ordesamonteperdido.com\/pt\/wp-content\/uploads\/vale-de-ordesa-1024x530.jpg 1024w, https:\/\/www.ordesamonteperdido.com\/pt\/wp-content\/uploads\/vale-de-ordesa-336x174.jpg 336w, https:\/\/www.ordesamonteperdido.com\/pt\/wp-content\/uploads\/vale-de-ordesa-768x397.jpg 768w, https:\/\/www.ordesamonteperdido.com\/pt\/wp-content\/uploads\/vale-de-ordesa.jpg 1200w\" sizes=\"(max-width: 1024px) 100vw, 1024px\" \/><\/a> <h3><span id=\"vale-de-ordesa\"><a class=\"title\" href=\"https:\/\/www.ordesamonteperdido.com\/pt\/vale-de-ordesa\/\">Vale de Ordesa<\/a><\/span><\/h3><\/div><div class=\"listing-item\"><a class=\"image\" href=\"https:\/\/www.ordesamonteperdido.com\/pt\/canion-de-anisclo\/\"><img decoding=\"async\" width=\"1024\" height=\"685\" src=\"https:\/\/www.ordesamonteperdido.com\/pt\/wp-content\/uploads\/canion-de-anisclo-1024x685.jpg\" class=\"attachment-large size-large wp-post-image\" alt=\"A\u00f1isclo Canyon (Ca\u00f1\u00f3n de A\u00f1isclo)\" srcset=\"https:\/\/www.ordesamonteperdido.com\/pt\/wp-content\/uploads\/canion-de-anisclo-1024x685.jpg 1024w, https:\/\/www.ordesamonteperdido.com\/pt\/wp-content\/uploads\/canion-de-anisclo-336x225.jpg 336w, https:\/\/www.ordesamonteperdido.com\/pt\/wp-content\/uploads\/canion-de-anisclo-768x514.jpg 768w, https:\/\/www.ordesamonteperdido.com\/pt\/wp-content\/uploads\/canion-de-anisclo.jpg 1200w\" sizes=\"(max-width: 1024px) 100vw, 1024px\" \/><\/a> <h3><span id=\"canion-de-anisclo\"><a class=\"title\" href=\"https:\/\/www.ordesamonteperdido.com\/pt\/canion-de-anisclo\/\">C\u00e2nion de A\u00f1isclo<\/a><\/span><\/h3><\/div><div class=\"listing-item\"><a class=\"image\" href=\"https:\/\/www.ordesamonteperdido.com\/pt\/vale-de-pineta\/\"><img decoding=\"async\" width=\"1024\" height=\"768\" src=\"https:\/\/www.ordesamonteperdido.com\/pt\/wp-content\/uploads\/vale-de-pineta-ordesa-1024x768.jpg\" class=\"attachment-large size-large wp-post-image\" alt=\"Vale de Pineta, Ordesa, Espanha\" srcset=\"https:\/\/www.ordesamonteperdido.com\/pt\/wp-content\/uploads\/vale-de-pineta-ordesa-1024x768.jpg 1024w, https:\/\/www.ordesamonteperdido.com\/pt\/wp-content\/uploads\/vale-de-pineta-ordesa-336x252.jpg 336w, https:\/\/www.ordesamonteperdido.com\/pt\/wp-content\/uploads\/vale-de-pineta-ordesa-768x576.jpg 768w, https:\/\/www.ordesamonteperdido.com\/pt\/wp-content\/uploads\/vale-de-pineta-ordesa.jpg 1200w\" sizes=\"(max-width: 1024px) 100vw, 1024px\" \/><\/a> <h3><span id=\"vale-de-pineta\"><a class=\"title\" href=\"https:\/\/www.ordesamonteperdido.com\/pt\/vale-de-pineta\/\">Vale de Pineta<\/a><\/span><\/h3><\/div><div class=\"listing-item\"><a class=\"image\" href=\"https:\/\/www.ordesamonteperdido.com\/pt\/gargantas-de-escuain\/\"><img decoding=\"async\" width=\"1024\" height=\"530\" src=\"https:\/\/www.ordesamonteperdido.com\/pt\/wp-content\/uploads\/gargantas-de-escuain-1024x530.jpg\" class=\"attachment-large size-large wp-post-image\" alt=\"Gargantas de Escua\u00edn en Ordesa y Monte Perdido, Espa\u00f1a (Escua\u00edn Gorges)\" srcset=\"https:\/\/www.ordesamonteperdido.com\/pt\/wp-content\/uploads\/gargantas-de-escuain-1024x530.jpg 1024w, https:\/\/www.ordesamonteperdido.com\/pt\/wp-content\/uploads\/gargantas-de-escuain-336x174.jpg 336w, https:\/\/www.ordesamonteperdido.com\/pt\/wp-content\/uploads\/gargantas-de-escuain-768x397.jpg 768w, https:\/\/www.ordesamonteperdido.com\/pt\/wp-content\/uploads\/gargantas-de-escuain.jpg 1200w\" sizes=\"(max-width: 1024px) 100vw, 1024px\" \/><\/a> <h3><span id=\"gargantas-de-escuain-desfiladeiros-de-escuain\"><a class=\"title\" href=\"https:\/\/www.ordesamonteperdido.com\/pt\/gargantas-de-escuain\/\">Gargantas de Escua\u00edn (Desfiladeiros de Escua\u00edn)<\/a><\/span><\/h3><\/div><\/div><br \/>\nAl\u00e9m dos vales mencionados, tamb\u00e9m cabe destacar outros setores de interesse geral que devem ser visitados com o tempo devido.<\/p>\n<h2><span id=\"outros-pontos-de-interesse-turistico-no-parque-de-ordesa-y-monte-perdido\">Outros pontos de interesse tur\u00edstico no Parque de Ordesa y Monte Perdido<\/span><\/h2>\n<div class=\"display-posts-listing image-top\"><div class=\"listing-item\"><a class=\"image\" href=\"https:\/\/www.ordesamonteperdido.com\/pt\/faja-de-las-flores\/\"><img decoding=\"async\" width=\"1024\" height=\"530\" src=\"https:\/\/www.ordesamonteperdido.com\/pt\/wp-content\/uploads\/faja-de-las-flores-1024x530.jpg\" class=\"attachment-large size-large wp-post-image\" alt=\"Rota da Faja de las Flores, Ordesa, Espanha\" srcset=\"https:\/\/www.ordesamonteperdido.com\/pt\/wp-content\/uploads\/faja-de-las-flores-1024x530.jpg 1024w, https:\/\/www.ordesamonteperdido.com\/pt\/wp-content\/uploads\/faja-de-las-flores-336x174.jpg 336w, https:\/\/www.ordesamonteperdido.com\/pt\/wp-content\/uploads\/faja-de-las-flores-768x397.jpg 768w, https:\/\/www.ordesamonteperdido.com\/pt\/wp-content\/uploads\/faja-de-las-flores.jpg 1200w\" sizes=\"(max-width: 1024px) 100vw, 1024px\" \/><\/a> <h3><span id=\"faja-de-las-flores\"><a class=\"title\" href=\"https:\/\/www.ordesamonteperdido.com\/pt\/faja-de-las-flores\/\">Faja de las Flores<\/a><\/span><\/h3><\/div><div class=\"listing-item\"><a class=\"image\" href=\"https:\/\/www.ordesamonteperdido.com\/pt\/macico-de-tres-sorores\/\"><img decoding=\"async\" width=\"1024\" height=\"683\" src=\"https:\/\/www.ordesamonteperdido.com\/pt\/wp-content\/uploads\/macico-de-tres-sorores-1024x683.jpg\" class=\"attachment-large size-large wp-post-image\" alt=\"Maci\u00e7o de Tres Sorores (Macizo de Tres Sorores)\" srcset=\"https:\/\/www.ordesamonteperdido.com\/pt\/wp-content\/uploads\/macico-de-tres-sorores-1024x683.jpg 1024w, https:\/\/www.ordesamonteperdido.com\/pt\/wp-content\/uploads\/macico-de-tres-sorores-336x224.jpg 336w, https:\/\/www.ordesamonteperdido.com\/pt\/wp-content\/uploads\/macico-de-tres-sorores-768x512.jpg 768w, https:\/\/www.ordesamonteperdido.com\/pt\/wp-content\/uploads\/macico-de-tres-sorores.jpg 1200w\" sizes=\"(max-width: 1024px) 100vw, 1024px\" \/><\/a> <h3><span id=\"macico-de-tres-sorores-macizo-de-tres-sorores\"><a class=\"title\" href=\"https:\/\/www.ordesamonteperdido.com\/pt\/macico-de-tres-sorores\/\">Maci\u00e7o de Tres Sorores (Macizo de Tres Sorores)<\/a><\/span><\/h3><\/div><div class=\"listing-item\"><a class=\"image\" href=\"https:\/\/www.ordesamonteperdido.com\/pt\/monte-perdido\/\"><img decoding=\"async\" width=\"1024\" height=\"530\" src=\"https:\/\/www.ordesamonteperdido.com\/pt\/wp-content\/uploads\/monte-perdido-ordesa-huesca-1024x530.jpg\" class=\"attachment-large size-large wp-post-image\" alt=\"Monte Perdido, Ordesa, Huesca, Espanha\" srcset=\"https:\/\/www.ordesamonteperdido.com\/pt\/wp-content\/uploads\/monte-perdido-ordesa-huesca-1024x530.jpg 1024w, https:\/\/www.ordesamonteperdido.com\/pt\/wp-content\/uploads\/monte-perdido-ordesa-huesca-336x174.jpg 336w, https:\/\/www.ordesamonteperdido.com\/pt\/wp-content\/uploads\/monte-perdido-ordesa-huesca-768x397.jpg 768w, https:\/\/www.ordesamonteperdido.com\/pt\/wp-content\/uploads\/monte-perdido-ordesa-huesca.jpg 1200w\" sizes=\"(max-width: 1024px) 100vw, 1024px\" \/><\/a> <h3><span id=\"monte-perdido\"><a class=\"title\" href=\"https:\/\/www.ordesamonteperdido.com\/pt\/monte-perdido\/\">Monte Perdido<\/a><\/span><\/h3><\/div><div class=\"listing-item\"><a class=\"image\" href=\"https:\/\/www.ordesamonteperdido.com\/pt\/vale-de-bujaruelo\/\"><img decoding=\"async\" width=\"1024\" height=\"683\" src=\"https:\/\/www.ordesamonteperdido.com\/pt\/wp-content\/uploads\/vale-de-bujaruelo-1024x683.jpg\" class=\"attachment-large size-large wp-post-image\" alt=\"Vale de Bujaruelo (Valle de Bujaruelo) na Espanha\" srcset=\"https:\/\/www.ordesamonteperdido.com\/pt\/wp-content\/uploads\/vale-de-bujaruelo-1024x683.jpg 1024w, https:\/\/www.ordesamonteperdido.com\/pt\/wp-content\/uploads\/vale-de-bujaruelo-336x224.jpg 336w, https:\/\/www.ordesamonteperdido.com\/pt\/wp-content\/uploads\/vale-de-bujaruelo-768x512.jpg 768w, https:\/\/www.ordesamonteperdido.com\/pt\/wp-content\/uploads\/vale-de-bujaruelo.jpg 1200w\" sizes=\"(max-width: 1024px) 100vw, 1024px\" \/><\/a> <h3><span id=\"vale-de-bujaruelo\"><a class=\"title\" href=\"https:\/\/www.ordesamonteperdido.com\/pt\/vale-de-bujaruelo\/\">Vale de Bujaruelo<\/a><\/span><\/h3><\/div><\/div>\n","protected":false},"excerpt":{"rendered":"<p>O Parque Nacional de Ordesa y Monte Perdido foi reconhecido como um Patrim\u00f4nio Mundial pela UNESCO (ver refer\u00eancia) O parque abrange quatro vales (Ordesa, A\u00f1isclo, Escua\u00edn e Pineta) que se estendem ao redor do&#46;&#46;&#46;<\/p>\n","protected":false},"author":2,"featured_media":0,"parent":0,"menu_order":0,"comment_status":"closed","ping_status":"closed","template":"","meta":{"footnotes":""},"yoast_head":"<!-- This site is optimized with the Yoast SEO plugin v20.1 - https:\/\/yoast.com\/wordpress\/plugins\/seo\/ -->\n<title>Vales do Parque Natural de Ordesa y Monte Perdido<\/title>\n<meta name=\"description\" content=\"O Parque Nacional de Ordesa y Monte Perdido foi reconhecido como um Patrim\u00f4nio Mundial pela UNESCO (ver refer\u00eancia) O parque abrange quatro vales (Ordesa,\" \/>\n<meta name=\"robots\" content=\"index, follow, max-snippet:-1, max-image-preview:large, max-video-preview:-1\" \/>\n<link rel=\"canonical\" href=\"https:\/\/www.ordesamonteperdido.com\/pt\/vales\/\" \/>\n<meta property=\"og:locale\" content=\"pt_PT\" \/>\n<meta property=\"og:type\" content=\"article\" \/>\n<meta property=\"og:title\" content=\"Vales do Parque Natural de Ordesa y Monte Perdido\" \/>\n<meta property=\"og:description\" content=\"O Parque Nacional de Ordesa y Monte Perdido foi reconhecido como um Patrim\u00f4nio Mundial pela UNESCO (ver refer\u00eancia) O parque abrange quatro vales (Ordesa,\" \/>\n<meta property=\"og:url\" content=\"https:\/\/www.ordesamonteperdido.com\/pt\/vales\/\" \/>\n<meta property=\"og:site_name\" content=\"Ordesa y Monte Perdido\" \/>\n<meta property=\"article:modified_time\" content=\"2024-08-30T12:26:01+00:00\" \/>\n<meta name=\"twitter:card\" content=\"summary_large_image\" \/>\n<meta name=\"twitter:label1\" content=\"Tiempo de lectura\" \/>\n\t<meta name=\"twitter:data1\" content=\"1 minuto\" \/>\n<script type=\"application\/ld+json\" class=\"yoast-schema-graph\">{\"@context\":\"https:\/\/schema.org\",\"@graph\":[{\"@type\":\"WebPage\",\"@id\":\"https:\/\/www.ordesamonteperdido.com\/pt\/vales\/\",\"url\":\"https:\/\/www.ordesamonteperdido.com\/pt\/vales\/\",\"name\":\"Vales do Parque Natural de Ordesa y Monte Perdido\",\"isPartOf\":{\"@id\":\"https:\/\/www.ordesamonteperdido.com\/pt\/#website\"},\"datePublished\":\"2024-08-29T06:00:40+00:00\",\"dateModified\":\"2024-08-30T12:26:01+00:00\",\"description\":\"O Parque Nacional de Ordesa y Monte Perdido foi reconhecido como um Patrim\u00f4nio Mundial pela UNESCO (ver refer\u00eancia) O parque abrange quatro vales (Ordesa,\",\"breadcrumb\":{\"@id\":\"https:\/\/www.ordesamonteperdido.com\/pt\/vales\/#breadcrumb\"},\"inLanguage\":\"pt\",\"potentialAction\":[{\"@type\":\"ReadAction\",\"target\":[\"https:\/\/www.ordesamonteperdido.com\/pt\/vales\/\"]}]},{\"@type\":\"BreadcrumbList\",\"@id\":\"https:\/\/www.ordesamonteperdido.com\/pt\/vales\/#breadcrumb\",\"itemListElement\":[{\"@type\":\"ListItem\",\"position\":1,\"name\":\"In\u00edcio\",\"item\":\"https:\/\/www.ordesamonteperdido.com\/pt\/\"},{\"@type\":\"ListItem\",\"position\":2,\"name\":\"Vales do Parque Natural de Ordesa y Monte Perdido\"}]},{\"@type\":\"WebSite\",\"@id\":\"https:\/\/www.ordesamonteperdido.com\/pt\/#website\",\"url\":\"https:\/\/www.ordesamonteperdido.com\/pt\/\",\"name\":\"Ordesa y Monte Perdido\",\"description\":\"Parque Nacional de Ordesa y Monte Perdido: turismo, alojamento, trilhas e guias\",\"publisher\":{\"@id\":\"https:\/\/www.ordesamonteperdido.com\/pt\/#organization\"},\"potentialAction\":[{\"@type\":\"SearchAction\",\"target\":{\"@type\":\"EntryPoint\",\"urlTemplate\":\"https:\/\/www.ordesamonteperdido.com\/pt\/?s={search_term_string}\"},\"query-input\":\"required name=search_term_string\"}],\"inLanguage\":\"pt\"},{\"@type\":\"Organization\",\"@id\":\"https:\/\/www.ordesamonteperdido.com\/pt\/#organization\",\"name\":\"Ordesa y Monte Perdido\",\"url\":\"https:\/\/www.ordesamonteperdido.com\/pt\/\",\"logo\":{\"@type\":\"ImageObject\",\"inLanguage\":\"pt\",\"@id\":\"https:\/\/www.ordesamonteperdido.com\/pt\/#\/schema\/logo\/image\/\",\"url\":\"https:\/\/www.ordesamonteperdido.com\/pt\/wp-content\/uploads\/ordesa-and-monteperdido-logo.png\",\"contentUrl\":\"https:\/\/www.ordesamonteperdido.com\/pt\/wp-content\/uploads\/ordesa-and-monteperdido-logo.png\",\"width\":567,\"height\":69,\"caption\":\"Ordesa y Monte Perdido\"},\"image\":{\"@id\":\"https:\/\/www.ordesamonteperdido.com\/pt\/#\/schema\/logo\/image\/\"}}]}<\/script>\n<!-- \/ Yoast SEO plugin. -->","yoast_head_json":{"title":"Vales do Parque Natural de Ordesa y Monte Perdido","description":"O Parque Nacional de Ordesa y Monte Perdido foi reconhecido como um Patrim\u00f4nio Mundial pela UNESCO (ver refer\u00eancia) O parque abrange quatro vales (Ordesa,","robots":{"index":"index","follow":"follow","max-snippet":"max-snippet:-1","max-image-preview":"max-image-preview:large","max-video-preview":"max-video-preview:-1"},"canonical":"https:\/\/www.ordesamonteperdido.com\/pt\/vales\/","og_locale":"pt_PT","og_type":"article","og_title":"Vales do Parque Natural de Ordesa y Monte Perdido","og_description":"O Parque Nacional de Ordesa y Monte Perdido foi reconhecido como um Patrim\u00f4nio Mundial pela UNESCO (ver refer\u00eancia) O parque abrange quatro vales (Ordesa,","og_url":"https:\/\/www.ordesamonteperdido.com\/pt\/vales\/","og_site_name":"Ordesa y Monte Perdido","article_modified_time":"2024-08-30T12:26:01+00:00","twitter_card":"summary_large_image","twitter_misc":{"Tiempo de lectura":"1 minuto"},"schema":{"@context":"https:\/\/schema.org","@graph":[{"@type":"WebPage","@id":"https:\/\/www.ordesamonteperdido.com\/pt\/vales\/","url":"https:\/\/www.ordesamonteperdido.com\/pt\/vales\/","name":"Vales do Parque Natural de Ordesa y Monte Perdido","isPartOf":{"@id":"https:\/\/www.ordesamonteperdido.com\/pt\/#website"},"datePublished":"2024-08-29T06:00:40+00:00","dateModified":"2024-08-30T12:26:01+00:00","description":"O Parque Nacional de Ordesa y Monte Perdido foi reconhecido como um Patrim\u00f4nio Mundial pela UNESCO (ver refer\u00eancia) O parque abrange quatro vales (Ordesa,","breadcrumb":{"@id":"https:\/\/www.ordesamonteperdido.com\/pt\/vales\/#breadcrumb"},"inLanguage":"pt","potentialAction":[{"@type":"ReadAction","target":["https:\/\/www.ordesamonteperdido.com\/pt\/vales\/"]}]},{"@type":"BreadcrumbList","@id":"https:\/\/www.ordesamonteperdido.com\/pt\/vales\/#breadcrumb","itemListElement":[{"@type":"ListItem","position":1,"name":"In\u00edcio","item":"https:\/\/www.ordesamonteperdido.com\/pt\/"},{"@type":"ListItem","position":2,"name":"Vales do Parque Natural de Ordesa y Monte Perdido"}]},{"@type":"WebSite","@id":"https:\/\/www.ordesamonteperdido.com\/pt\/#website","url":"https:\/\/www.ordesamonteperdido.com\/pt\/","name":"Ordesa y Monte Perdido","description":"Parque Nacional de Ordesa y Monte Perdido: turismo, alojamento, trilhas e guias","publisher":{"@id":"https:\/\/www.ordesamonteperdido.com\/pt\/#organization"},"potentialAction":[{"@type":"SearchAction","target":{"@type":"EntryPoint","urlTemplate":"https:\/\/www.ordesamonteperdido.com\/pt\/?s={search_term_string}"},"query-input":"required name=search_term_string"}],"inLanguage":"pt"},{"@type":"Organization","@id":"https:\/\/www.ordesamonteperdido.com\/pt\/#organization","name":"Ordesa y Monte Perdido","url":"https:\/\/www.ordesamonteperdido.com\/pt\/","logo":{"@type":"ImageObject","inLanguage":"pt","@id":"https:\/\/www.ordesamonteperdido.com\/pt\/#\/schema\/logo\/image\/","url":"https:\/\/www.ordesamonteperdido.com\/pt\/wp-content\/uploads\/ordesa-and-monteperdido-logo.png","contentUrl":"https:\/\/www.ordesamonteperdido.com\/pt\/wp-content\/uploads\/ordesa-and-monteperdido-logo.png","width":567,"height":69,"caption":"Ordesa y Monte Perdido"},"image":{"@id":"https:\/\/www.ordesamonteperdido.com\/pt\/#\/schema\/logo\/image\/"}}]}},"_links":{"self":[{"href":"https:\/\/www.ordesamonteperdido.com\/pt\/wp-json\/wp\/v2\/pages\/952"}],"collection":[{"href":"https:\/\/www.ordesamonteperdido.com\/pt\/wp-json\/wp\/v2\/pages"}],"about":[{"href":"https:\/\/www.ordesamonteperdido.com\/pt\/wp-json\/wp\/v2\/types\/page"}],"author":[{"embeddable":true,"href":"https:\/\/www.ordesamonteperdido.com\/pt\/wp-json\/wp\/v2\/users\/2"}],"replies":[{"embeddable":true,"href":"https:\/\/www.ordesamonteperdido.com\/pt\/wp-json\/wp\/v2\/comments?post=952"}],"version-history":[{"count":0,"href":"https:\/\/www.ordesamonteperdido.com\/pt\/wp-json\/wp\/v2\/pages\/952\/revisions"}],"wp:attachment":[{"href":"https:\/\/www.ordesamonteperdido.com\/pt\/wp-json\/wp\/v2\/media?parent=952"}],"curies":[{"name":"wp","href":"https:\/\/api.w.org\/{rel}","templated":true}]}}